{"id":23,"date":"2023-09-13T09:17:21","date_gmt":"2023-09-13T09:17:21","guid":{"rendered":"https:\/\/teid.dk\/tr\/?page_id=23"},"modified":"2026-04-14T08:40:26","modified_gmt":"2026-04-14T08:40:26","slug":"ana-sayfa","status":"publish","type":"page","link":"https:\/\/teid.dk\/tr\/","title":{"rendered":"Ana Sayfa"},"content":{"rendered":"\n<p><strong>HO\u015e GELD\u0130N\u0130Z!<\/strong><\/p>\n\n\n\n<p>Danimarka\u2019daki T\u00fcrk Expatlar Derne\u011fi TEID, Danimarka\u2019da ya\u015fayan T\u00fcrk profesyoneller, akademisyenler ve \u00f6\u011frencilerin bir araya geldi\u011fi \u00f6zel bir platformdur. T.C. Kopenhag B\u00fcy\u00fckel\u00e7ili\u011fi Ticaret M\u00fc\u015favirli\u011fi giri\u015fimleriyle <a href=\"https:\/\/danimarka101.com\">Danimarka 101<\/a> ad\u0131 alt\u0131nda 2020 y\u0131l\u0131nda ba\u015flayan bu ser\u00fcvenimiz, 2023 y\u0131l\u0131 itibar\u0131yla resmi bir dernek olarak TEID ad\u0131n\u0131 alm\u0131\u015ft\u0131r.<\/p>\n\n\n\n<p>TEID, m\u00fchendislerden doktorlara, y\u00f6neticilerden bilim insanlar\u0131na kadar farkl\u0131 alanlarda \u00e7al\u0131\u015fan bireyleri bir araya getirerek \u00fcyelerimizin Danimarka toplumuna daha iyi uyum sa\u011flamalar\u0131na; Danimarka\u2019daki T\u00fcrk toplulu\u011fu aras\u0131ndaki ba\u011flar\u0131 g\u00fc\u00e7lendirmeye; deneyimlerimizi payla\u015fmaya; \u00fcyelerimiz i\u00e7in a\u011f olu\u015fturma f\u0131rsatlar\u0131 yaratmaya; T\u00fcrkiye ile Danimarka aras\u0131nda ba\u015fta k\u00fclt\u00fcr ve ticaret olmak \u00fczere bir\u00e7ok alanda g\u00fc\u00e7l\u00fc ba\u011flar kurulmas\u0131na ve \u00fcyelerinin Danimarka ve T\u00fcrkiye kurum-kurulu\u015flar\u0131 nezdinde temsil edilmesine y\u00f6nelik \u00e7al\u0131\u015fmalarda bulunur.<\/p>\n\n\n\n<p>TEID olarak, toplulu\u011fumuzu daha da geni\u015fletmek ve birbirimizle daha fazla etkile\u015fimde bulunmak istiyoruz. Siz de bu toplulu\u011fun bir par\u00e7as\u0131 olmak i\u00e7in \u015fimdi <a href=\"https:\/\/teid.dk\/tr\/uye-ol\/\" data-type=\"page\" data-id=\"36\">\u00fcye olabilirsiniz<\/a>.<\/p>\n\n\n\n<p class=\"has-yuki-font-small-font-size\"><strong>TEID Networking &#8216;\u00dcye Ol &amp; \u0130ndirimli Gel&#8217; Bileti i\u00e7in <a href=\"https:\/\/teid.dk\/teid-networking-2026-etkinlik-kayit-rehberi\/\">t\u0131klay\u0131n\u0131z<\/a>. <\/strong><\/p>\n\n\n\n<p><\/p>\n","protected":false},"excerpt":{"rendered":"<p>HO\u015e GELD\u0130N\u0130Z! Danimarka\u2019daki T\u00fcrk Expatlar Derne\u011fi TEID, Danimarka\u2019da ya\u015fayan T\u00fcrk profesyoneller, akademisyenler ve \u00f6\u011frencilerin bir araya geldi\u011fi \u00f6zel bir platformdur. T.C. Kopenhag B\u00fcy\u00fckel\u00e7ili\u011fi Ticaret M\u00fc\u015favirli\u011fi giri\u015fimleriyle Danimarka 101 ad\u0131 alt\u0131nda 2020 y\u0131l\u0131nda ba\u015flayan bu ser\u00fcvenimiz, 2023 y\u0131l\u0131 itibar\u0131yla resmi bir dernek olarak TEID ad\u0131n\u0131 alm\u0131\u015ft\u0131r. TEID, m\u00fchendislerden doktorlara, y\u00f6neticilerden bilim insanlar\u0131na kadar farkl\u0131 alanlarda \u00e7al\u0131\u015fan [&hellip;]<\/p>\n","protected":false},"author":1,"featured_media":0,"parent":0,"menu_order":0,"comment_status":"closed","ping_status":"closed","template":"","meta":{"site-container-style":"default","site-container-layout":"default","site-sidebar-layout":"default","disable-article-header":"default","disable-site-header":"default","disable-site-footer":"default","disable-content-area-spacing":"default","footnotes":""},"class_list":["post-23","page","type-page","status-publish","hentry"],"jetpack_sharing_enabled":true,"_links":{"self":[{"href":"https:\/\/teid.dk\/tr\/wp-json\/wp\/v2\/pages\/23","targetHints":{"allow":["GET"]}}],"collection":[{"href":"https:\/\/teid.dk\/tr\/wp-json\/wp\/v2\/pages"}],"about":[{"href":"https:\/\/teid.dk\/tr\/wp-json\/wp\/v2\/types\/page"}],"author":[{"embeddable":true,"href":"https:\/\/teid.dk\/tr\/wp-json\/wp\/v2\/users\/1"}],"replies":[{"embeddable":true,"href":"https:\/\/teid.dk\/tr\/wp-json\/wp\/v2\/comments?post=23"}],"version-history":[{"count":13,"href":"https:\/\/teid.dk\/tr\/wp-json\/wp\/v2\/pages\/23\/revisions"}],"predecessor-version":[{"id":365,"href":"https:\/\/teid.dk\/tr\/wp-json\/wp\/v2\/pages\/23\/revisions\/365"}],"wp:attachment":[{"href":"https:\/\/teid.dk\/tr\/wp-json\/wp\/v2\/media?parent=23"}],"curies":[{"name":"wp","href":"https:\/\/api.w.org\/{rel}","templated":true}]}}